{"id":70,"date":"2021-06-06T10:55:33","date_gmt":"2021-06-06T13:55:33","guid":{"rendered":"https:\/\/www.consultorasegon.com.ar\/web\/?page_id=70"},"modified":"2021-06-08T13:03:26","modified_gmt":"2021-06-08T16:03:26","slug":"noticias","status":"publish","type":"page","link":"https:\/\/www.consultorasegon.com.ar\/web\/noticias\/","title":{"rendered":"Noticias"},"content":{"rendered":"<style type=\"text\/css\">\r\n\/* section title *\/\r\n.pgcu_title {\r\n\tcolor: #444444;\r\n}\r\n<\/style><style type=\"text\/css\">\r\n.pgcu_pagination {\r\n  text-align: center;\r\n  margin-bottom: 20px\r\n}\r\n\r\n.pgcu_pagination .page-numbers {\r\n  color:#000000;\r\n}\r\n.pgcu_pagination .page-numbers:hover {\r\n  color:#1289a7;\r\n}\r\n.pgcu_pagination ul {\r\n  display: -webkit-inline-box;\r\n  display: -webkit-inline-flex;\r\n  display: -ms-inline-flexbox;\r\n  display: inline-flex;\r\n  -webkit-flex-wrap: wrap;\r\n      -ms-flex-wrap: wrap;\r\n          flex-wrap: wrap;\r\n  border: 1px solid #e4e4ed;\r\n  -webkit-border-radius: 2px;\r\n          border-radius: 2px;\r\n  align-items:center;\r\n}\r\n\r\n.pgcu_pagination ul a.page-numbers, .pgcu_pagination ul span.page-numbers {\r\n  border-left: 1px solid #e4e4ed;\r\n  margin-bottom: 0;\r\n    border-bottom: 0;\r\n}\r\n.pgcu_pagination ul a.page-numbers:first-child{\r\n  border-left: 0 none;\r\n}\r\n\r\n.pgcu_pagination ul a, .pgcu_pagination ul span {\r\n  line-height: 40px;\r\n  padding: 0 15px;\r\n  display: block;\r\n  font-size: 16px;\r\n}\r\n.pgcu_pagination ul span.current{\r\n  border:0 none;\r\n  background: #dda146;\r\n  border-radius: 0;\r\n  color: #ffffff;\r\n}\r\n.pgcu_pagination ul span.dots{\r\n  border:0 none;\r\n  border-left: 1px solid #e4e4ed;\r\n  background: none;\r\n  border-radius: 0;\r\n  box-shadow: none;\r\n}\r\n\r\n.pgcu_pagination ul li:nth-child(5) {\r\n  padding: 0 15px;\r\n  line-height: 32px;\r\n}\r\n\r\n.pgcu_pagination ul li.active a {\r\n  background: #f42156;\r\n  color: #fff;\r\n}\r\n<\/style><style type=\"text\/css\">\r\n\/* Style 02 *\/\r\n#pgcu_style2 .pgcu_post.pgcu_post--style1 {\r\n    border: 1px solid #ebedf2;\r\n    margin-bottom: 30px;\r\n    border-bottom: 1px solid #ebedf2 !important;\r\n}\r\n\r\n#pgcu_style2 .pgcu_post.pgcu_post--style1 .pgcu_post__contents {\r\n    padding: 23px 30px 37px;\r\n}\r\n\r\n#pgcu_style2 .pgcu_post.pgcu_post--style1 .pgcu_post__contents .post_info {\r\n    margin-top: 13px;\r\n    margin-bottom: 13px;\r\n}\r\n\r\n#pgcu_style2 .pgcu_post.pgcu_post--style1 .pgcu_post__contents .post_info .category::before {\r\n    content: '-';\r\n    margin-right: 3px;\r\n}\r\n\r\n#pgcu_style2 .pgcu_post.pgcu_post--style1-grid {\r\n    margin-bottom: 30px;\r\n}\r\n#pgcu_style2 .pgcu_post .post_info ul li,#pgcu_style2 .pgcu_post .post_info ul li a {\r\n    color: #9192a3;\r\n    font-size: 14px;\r\n\tmargin-left: 0;\r\n    box-shadow: none;\r\n    flex-wrap: wrap;\r\n    word-break: break-word;\r\n    padding-left: 0;\r\n    border-bottom: 0;\r\n    padding: 0;\r\n}\r\n\r\n#pgcu_style2 .pgcu_post .post_title h4 {\r\n    margin: 0;\r\n    color: #363940;\r\n    font-size: 20px;\r\n    font-weight: 500;\r\n    text-align: left;\r\n    letter-spacing: normal;\r\n}\r\n#pgcu_style2 .pgcu_post .post_title h4:hover {\r\n    color: #1289a7;\r\n} \r\n#pgcu_style2 .pgcu_post .post_info ul {\r\n    margin: 0;\r\n    padding: 0;\r\n}\r\n#pgcu_style2 .pgcu_post.pgcu_post--style1 {\r\n    padding:0;\r\n}\r\n#pgcu_style2 .read_more {\r\n    color : #363940;\r\n    box-shadow: none;\r\n    border-bottom: 0;\r\n    font-size: 15px;\r\n}\r\n#pgcu_style2 .read_more:hover {\r\n    color : #1289a7;\r\n}\r\n#pgcu_style2 p {\r\n    margin-bottom: 15px;\r\n    color: #6e7387;\r\n    font-size: 16px;\r\n    line-height: 30px;\r\n    font-weight: 300;\r\n    text-align: left}\r\n\r\n<\/style><section class=\"section-padding\">\r\n    <div id=\"pgcu_style2\">\r\n        <div class=\"aaz_pgcu_wrapper g_theme_1\">\r\n            <div class=\"pgcu_container\">\r\n            \r\n                <div class=\"pgcu_row theme1-posts-container\">\r\n\r\n\r\n                                                  <div class=\"col-md-4 col-sm-6 col-xs-12\">\r\n                        <article class=\"pgcu_post pgcu_post--style1\">\r\n                                                        <figure class=\"pgcu_post__image\">\r\n                                                                        <img decoding=\"async\" src=\"https:\/\/www.consultorasegon.com.ar\/web\/wp-content\/uploads\/2021\/06\/anses-300x200.jpg\" alt=\"\">\r\n                                                                <\/figure>\r\n                                                        <div class=\"pgcu_post__contents\">\r\n                                                                <div class=\"post_title\">\r\n                                    <a href=\"https:\/\/www.consultorasegon.com.ar\/web\/descuentos-para-jubilados-anses-cuales-son-y-que-comercios-los-ofrecen\/\" target=\"_blank\">\r\n                                        <h4>Descuentos para jubilados ANSES: cu\u00e1les son y qu\u00e9 comercios los ofrecen<\/h4>\r\n                                    <\/a>\r\n                                <\/div>\r\n                                                                <div class=\"post_info\">\r\n                                    <ul>\r\n                                                                                <li>junio 8, 2021<\/li>\r\n                                        \r\n                                        \r\n                                    <\/ul>\r\n                                <\/div>\r\n                                                                <p>El organismo nacional tiene un programa de beneficios para que los adultos mayores puedan ahorrar dinero al comprar. Lo que&hellip;<\/p>\r\n                                                                <a href=\"https:\/\/www.consultorasegon.com.ar\/web\/descuentos-para-jubilados-anses-cuales-son-y-que-comercios-los-ofrecen\/\" target=\"_blank\" class=\"read_more\">M\u00e1s info.<\/a>\r\n                            <\/div>\r\n                        <\/article>\r\n                    <\/div>\r\n\r\n                                        <div class=\"col-md-4 col-sm-6 col-xs-12\">\r\n                        <article class=\"pgcu_post pgcu_post--style1\">\r\n                                                        <figure class=\"pgcu_post__image\">\r\n                                                                        <img decoding=\"async\" src=\"https:\/\/www.consultorasegon.com.ar\/web\/wp-content\/uploads\/2021\/06\/genero-300x200.jpg\" alt=\"\">\r\n                                                                <\/figure>\r\n                                                        <div class=\"pgcu_post__contents\">\r\n                                                                <div class=\"post_title\">\r\n                                    <a href=\"https:\/\/www.consultorasegon.com.ar\/web\/cuit-y-cuil-sin-genero-uno-por-uno-todos-los-cambios-que-acordaron-anses-y-afip\/\" target=\"_blank\">\r\n                                        <h4>CUIT y CUIL sin g\u00e9nero, uno por uno todos los cambios que acordaron ANSES y AFIP<\/h4>\r\n                                    <\/a>\r\n                                <\/div>\r\n                                                                <div class=\"post_info\">\r\n                                    <ul>\r\n                                                                                <li>junio 8, 2021<\/li>\r\n                                        \r\n                                        \r\n                                    <\/ul>\r\n                                <\/div>\r\n                                                                <p>Hoy se firm\u00f3 una resoluci\u00f3n que establece la asignaci\u00f3n de los n\u00fameros sin prefijos espec\u00edficos, sino que se har\u00e1 en&hellip;<\/p>\r\n                                                                <a href=\"https:\/\/www.consultorasegon.com.ar\/web\/cuit-y-cuil-sin-genero-uno-por-uno-todos-los-cambios-que-acordaron-anses-y-afip\/\" target=\"_blank\" class=\"read_more\">M\u00e1s info.<\/a>\r\n                            <\/div>\r\n                        <\/article>\r\n                    <\/div>\r\n\r\n                                        <div class=\"col-md-4 col-sm-6 col-xs-12\">\r\n                        <article class=\"pgcu_post pgcu_post--style1\">\r\n                                                        <figure class=\"pgcu_post__image\">\r\n                                                                        <img decoding=\"async\" src=\"https:\/\/www.consultorasegon.com.ar\/web\/wp-content\/uploads\/2021\/06\/nujer-300x200.jpg\" alt=\"\">\r\n                                                                <\/figure>\r\n                                                        <div class=\"pgcu_post__contents\">\r\n                                                                <div class=\"post_title\">\r\n                                    <a href=\"https:\/\/www.consultorasegon.com.ar\/web\/jubilacion-para-mujeres-sin-los-30-anos-de-aportes-la-moratoria-se-suma-al-reconocimiento-de-los-hijos\/\" target=\"_blank\">\r\n                                        <h4>Jubilaci\u00f3n para mujeres sin los 30 a\u00f1os de aportes: la moratoria se suma al reconocimiento de los hijos<\/h4>\r\n                                    <\/a>\r\n                                <\/div>\r\n                                                                <div class=\"post_info\">\r\n                                    <ul>\r\n                                                                                <li>junio 8, 2021<\/li>\r\n                                        \r\n                                        \r\n                                    <\/ul>\r\n                                <\/div>\r\n                                                                <p>M\u00e1s detalles de la iniciativa que est\u00e1 a punto de formalizar el Gobierno, y que beneficiar\u00eda a unas 155.000 mujeres.&hellip;<\/p>\r\n                                                                <a href=\"https:\/\/www.consultorasegon.com.ar\/web\/jubilacion-para-mujeres-sin-los-30-anos-de-aportes-la-moratoria-se-suma-al-reconocimiento-de-los-hijos\/\" target=\"_blank\" class=\"read_more\">M\u00e1s info.<\/a>\r\n                            <\/div>\r\n                        <\/article>\r\n                    <\/div>\r\n\r\n                                        \r\n                <\/div> <!-- row -->\r\n                                                            <\/ul>\r\n                                        <\/div>\r\n                                        <!-- Ends: .pgcu_pagination -->\r\n                            <\/div>\r\n                        <\/div>\r\n                                    <\/div>\r\n        <\/div>\r\n    <\/div>\r\n<\/section>\n","protected":false},"excerpt":{"rendered":"","protected":false},"author":2,"featured_media":0,"parent":0,"menu_order":0,"comment_status":"closed","ping_status":"closed","template":"","meta":{"_et_pb_use_builder":"","_et_pb_old_content":"","_et_gb_content_width":"","footnotes":""},"_links":{"self":[{"href":"https:\/\/www.consultorasegon.com.ar\/web\/wp-json\/wp\/v2\/pages\/70"}],"collection":[{"href":"https:\/\/www.consultorasegon.com.ar\/web\/wp-json\/wp\/v2\/pages"}],"about":[{"href":"https:\/\/www.consultorasegon.com.ar\/web\/wp-json\/wp\/v2\/types\/page"}],"author":[{"embeddable":true,"href":"https:\/\/www.consultorasegon.com.ar\/web\/wp-json\/wp\/v2\/users\/2"}],"replies":[{"embeddable":true,"href":"https:\/\/www.consultorasegon.com.ar\/web\/wp-json\/wp\/v2\/comments?post=70"}],"version-history":[{"count":2,"href":"https:\/\/www.consultorasegon.com.ar\/web\/wp-json\/wp\/v2\/pages\/70\/revisions"}],"predecessor-version":[{"id":310,"href":"https:\/\/www.consultorasegon.com.ar\/web\/wp-json\/wp\/v2\/pages\/70\/revisions\/310"}],"wp:attachment":[{"href":"https:\/\/www.consultorasegon.com.ar\/web\/wp-json\/wp\/v2\/media?parent=70"}],"curies":[{"name":"wp","href":"https:\/\/api.w.org\/{rel}","templated":true}]}}